{"id":2051,"date":"2023-05-29T14:01:42","date_gmt":"2023-05-29T12:01:42","guid":{"rendered":"https:\/\/instytutpm.eu\/?page_id=2051"},"modified":"2024-02-02T18:46:09","modified_gmt":"2024-02-02T17:46:09","slug":"career","status":"publish","type":"page","link":"https:\/\/instytutpm.eu\/en\/career\/","title":{"rendered":"Career"},"content":{"rendered":"\n<h2 class=\"wp-block-heading\">Aktualne oferty<\/h2>\n\n\n\n<p class=\"has-text-align-center has-ice-blue-background-color has-background\">Brak aktualnych ofert pracy<\/p>\n\n\n\n<div class=\"wp-block-group is-layout-constrained wp-block-group-is-layout-constrained\">\n<div style=\"height:50px\" aria-hidden=\"true\" class=\"wp-block-spacer\"><\/div>\n\n\n\n<h3 class=\"wp-block-heading has-text-align-center\">Jak z\u0142o\u017cy\u0107 aplikacj\u0119?<\/h3>\n\n\n\n<p class=\"has-text-align-center\">Prosimy o przesy\u0142anie CV z klauzul\u0105 o ochronie danych osobowych<\/p>\n\n\n\n<p class=\"has-text-align-center\"><strong>\u2757\ufe0fUwaga! Zastrzegamy sobie prawo do kontaktu z wybranymi kandydatami\u2757\ufe0f<\/strong><\/p>\n\n\n\n<p class=\"has-text-align-center\"><em>Nie zwlekaj, wy\u015blij zg\u0142oszenie <\/em><\/p>\n\n\n\n<div style=\"height:50px\" aria-hidden=\"true\" class=\"wp-block-spacer\"><\/div>\n<\/div>\n\n\n\n<h2 class=\"wp-block-heading\">Oferty archiwalne<\/h2>\n\n\n\n<div class=\"wp-block-group is-layout-constrained wp-container-core-group-is-layout-7a8ecd1d wp-block-group-is-layout-constrained\">\n<div class=\"wp-block-advgb-accordions advgb-accordions-71f4cbda-ad9a-4889-9916-a1d4ddecc30b advgb-accordion-wrapper\" data-collapsed=\"true\">\n<div class=\"wp-block-advgb-accordion-item advgb-accordion-item\" style=\"margin-bottom:5px\"><div class=\"advgb-accordion-header\" style=\"background-color:#ffffff;color:#00529e;border-style:solid;border-width:1px;border-color:#f0f0f0\"><span class=\"advgb-accordion-header-icon\"><svg fill=\"#00529e\" xmlns=\"http:\/\/www.w3.org\/2000\/svg\" width=\"24\" height=\"24\" viewBox=\"0 0 24 24\"><path fill=\"none\" d=\"M0,0h24v24H0V0z\"><\/path><path d=\"M12,2C6.48,2,2,6.48,2,12s4.48,10,10,10s10-4.48,10-10S17.52,2,12,2z M17,13h-4v4h-2v-4H7v-2h4V7h2v4h4V13z\"><\/path><\/svg><\/span><h3 class=\"advgb-accordion-header-title\" style=\"color:inherit\"><strong>Oferta: Psycholog\/Psycholo\u017cka Mobilny\/a<\/strong><\/h3><\/div><div class=\"advgb-accordion-body\" style=\"background-color:#ffffff;color:#3e3e40;border-style:solid !important;border-width:1px !important;border-color:#f0f0f0 !important;border-top:none !important\">\n<h4 class=\"wp-block-heading\">&nbsp;Obowi\u0105zki:<\/h4>\n\n\n\n<ul class=\"wp-block-list\">\n<li>wsparcie psychologiczne dla uchod\u017ac\u00f3w w miejscach zbiorowego zakwaterowania na terenie Dolnego \u015al\u0105ska;<\/li>\n\n\n\n<li>&nbsp;prowadzenie grup wsparcia psychologicznego;<\/li>\n\n\n\n<li>praca z PTSD, traum\u0105, strat\u0105;<\/li>\n\n\n\n<li>zarz\u0105dzanie dokumentacj\u0105;<\/li>\n\n\n\n<li>\u015bcis\u0142a wsp\u00f3\u0142praca z koordynatorem projektu i z grupami mobilnymi.<\/li>\n<\/ul>\n\n\n\n<h4 class=\"wp-block-heading\">Nasze oczekiwania:<\/h4>\n\n\n\n<ul class=\"wp-block-list\">\n<li>nostryfikacja dyplomu;<\/li>\n\n\n\n<li>do\u015bwiadczenie zawodowe nie mniej ni\u017c rok;<\/li>\n\n\n\n<li>obowi\u0105zkowa znajomo\u015b\u0107 j\u0119zyka ukrai\u0144skiego;<\/li>\n\n\n\n<li>dok\u0142adno\u015b\u0107, staranno\u015b\u0107 i terminowo\u015b\u0107;<\/li>\n\n\n\n<li>elastyczno\u015b\u0107 i gotowo\u015b\u0107 do szybkiego dostosowywania si\u0119 do zmian;<\/li>\n\n\n\n<li>odporno\u015b\u0107 na stres.<\/li>\n<\/ul>\n\n\n\n<h4 class=\"wp-block-heading\">Co oferujemy?<\/h4>\n\n\n\n<ul class=\"wp-block-list\">\n<li>umow\u0119 zlecenia<\/li>\n\n\n\n<li>prac\u0119 w wymiarze \u00bd etatu<\/li>\n\n\n\n<li>wynagrodzenie 105,00 z\u0142 brutto\/godz.<\/li>\n\n\n\n<li>prac\u0119 w zaanga\u017cowanym i kreatywnym zespole.<\/li>\n\n\n\n<li>Wsparcie w czasie onboardingu oraz za\u0142atwienia bie\u017c\u0105cych spraw z dokumentacj\u0105 pracownicz\u0105.<\/li>\n\n\n\n<li>Mo\u017cliwo\u015b\u0107 realizacji w\u0142asnych pomys\u0142\u00f3w.<\/li>\n<\/ul>\n\n\n\n<div class=\"wp-block-buttons is-layout-flex wp-block-buttons-is-layout-flex\">\n<div class=\"wp-block-button is-style-outline is-style-outline--1\"><a class=\"wp-block-button__link wp-element-button\" href=\"mailto:mariia.kobytska@instytutpm.eu?subject=Psycholog Mobilny\" target=\"_blank\" rel=\"noreferrer noopener\">Aplikuj<\/a><\/div>\n<\/div>\n\n\n\n<div style=\"height:20px\" aria-hidden=\"true\" class=\"wp-block-spacer\"><\/div>\n\n\n\n<p class=\"has-ice-blue-background-color has-background has-small-font-size\"><em>Rekrutacja na oferowane stanowisko odbywa si\u0119 w ramach realizowanego projektu Refugee Support Center 2 finansowanego ze \u015brodk\u00f3w Mercy Corps.<\/em><\/p>\n<\/div><\/div>\n\n\n\n<div class=\"wp-block-advgb-accordion-item advgb-accordion-item\" style=\"margin-bottom:5px\"><div class=\"advgb-accordion-header\" style=\"background-color:#ffffff;color:#00529e;border-style:solid;border-width:1px;border-color:#f0f0f0\"><span class=\"advgb-accordion-header-icon\"><svg fill=\"#00529e\" xmlns=\"http:\/\/www.w3.org\/2000\/svg\" width=\"24\" height=\"24\" viewBox=\"0 0 24 24\"><path fill=\"none\" d=\"M0,0h24v24H0V0z\"><\/path><path d=\"M12,2C6.48,2,2,6.48,2,12s4.48,10,10,10s10-4.48,10-10S17.52,2,12,2z M17,13h-4v4h-2v-4H7v-2h4V7h2v4h4V13z\"><\/path><\/svg><\/span><h3 class=\"advgb-accordion-header-title\" style=\"color:inherit\"><strong><strong>Oferta: Asystent\/tka j\u0119zykowy\/a w m. Jelenia G\u00f3ra<\/strong><\/strong><\/h3><\/div><div class=\"advgb-accordion-body\" style=\"background-color:#ffffff;color:#3e3e40;border-style:solid !important;border-width:1px !important;border-color:#f0f0f0 !important;border-top:none !important\">\n<h4 class=\"wp-block-heading\">Obowi\u0105zki:<\/h4>\n\n\n\n<ul class=\"wp-block-list\">\n<li>Ustne t\u0142umaczenie konsultacji;<\/li>\n\n\n\n<li>T\u0142umaczenie prostych tre\u015bci na j\u0119zyk polski\/ukrai\u0144ski\/rosyjski;<\/li>\n\n\n\n<li>Udzielanie wsparcia w zakresie t\u0142umacze\u0144 w plac\u00f3wkach pa\u0144stwowych;<\/li>\n\n\n\n<li>Prowadzenie dokumentacji projektowej;<\/li>\n\n\n\n<li>Dojazd do miejsc zbiorowego zakwaterowania uchod\u017ac\u00f3w zgodnie z zaleceniami koordynatora projektu.<\/li>\n<\/ul>\n\n\n\n<h4 class=\"wp-block-heading\">Nasze oczekiwania:<\/h4>\n\n\n\n<ul class=\"wp-block-list\">\n<li>znajomo\u015b\u0107 j\u0119zyka polskiego na poziomie umo\u017cliwiaj\u0105cym swobodn\u0105 komunikacj\u0119;<\/li>\n\n\n\n<li>znajomo\u015b\u0107 j\u0119zyka ukrai\u0144skiego na poziomie umo\u017cliwiaj\u0105cym swobodn\u0105 komunikacj\u0119;<\/li>\n\n\n\n<li>znajomo\u015b\u0107 ustawy o pomocy obywatelom Ukrainy w zwi\u0105zku z konfliktem zbrojnym na terytorium tego pa\u0144stwa;<\/li>\n\n\n\n<li>elastyczno\u015b\u0107 i gotowo\u015b\u0107 do szybkiego dostosowywania si\u0119 do zmian.<\/li>\n<\/ul>\n\n\n\n<h4 class=\"wp-block-heading\">Co oferujemy?<\/h4>\n\n\n\n<ul class=\"wp-block-list\">\n<li>umow\u0119 zlecenie;<\/li>\n\n\n\n<li>oko\u0142o 40 godz.\/msc;<\/li>\n\n\n\n<li>prac\u0119 w zaanga\u017cowanym i kreatywnym zespole;<\/li>\n\n\n\n<li>stawka 25 z\u0142 brutto\/godz.;<\/li>\n\n\n\n<li>Wsparcie w czasie onboardingu oraz za\u0142atwienia bie\u017c\u0105cych spraw z dokumentacj\u0105 pracownicz\u0105;<\/li>\n\n\n\n<li>Mo\u017cliwo\u015b\u0107 realizacji w\u0142asnych pomys\u0142\u00f3w.<\/li>\n<\/ul>\n\n\n\n<div class=\"wp-block-buttons is-layout-flex wp-block-buttons-is-layout-flex\">\n<div class=\"wp-block-button is-style-outline is-style-outline--2\"><a class=\"wp-block-button__link wp-element-button\" href=\"mailto:mariia.kobytska@instytutpm.eu?subject=Asystent j\u0119zykowy\">Aplikuj<\/a><\/div>\n<\/div>\n\n\n\n<div style=\"height:20px\" aria-hidden=\"true\" class=\"wp-block-spacer\"><\/div>\n\n\n\n<p class=\"has-ice-blue-background-color has-background has-small-font-size\"><em>Rekrutacja na oferowane stanowisko odbywa si\u0119 w ramach realizowanego projektu Refugee Support Center 2 finansowanego ze \u015brodk\u00f3w Mercy Corps.<\/em><\/p>\n<\/div><\/div>\n\n\n\n<div class=\"wp-block-advgb-accordion-item advgb-accordion-item\" style=\"margin-bottom:5px\"><div class=\"advgb-accordion-header\" style=\"background-color:#ffffff;color:#00529e;border-style:solid;border-width:1px;border-color:#f0f0f0\"><span class=\"advgb-accordion-header-icon\"><svg fill=\"#00529e\" xmlns=\"http:\/\/www.w3.org\/2000\/svg\" width=\"24\" height=\"24\" viewBox=\"0 0 24 24\"><path fill=\"none\" d=\"M0,0h24v24H0V0z\"><\/path><path d=\"M12,2C6.48,2,2,6.48,2,12s4.48,10,10,10s10-4.48,10-10S17.52,2,12,2z M17,13h-4v4h-2v-4H7v-2h4V7h2v4h4V13z\"><\/path><\/svg><\/span><h3 class=\"advgb-accordion-header-title\" style=\"color:inherit\"><strong><strong>Oferta: \u00a0Opiekun\/ka dla dzieci\u00a0<\/strong><\/strong><\/h3><\/div><div class=\"advgb-accordion-body\" style=\"background-color:#ffffff;color:#3e3e40;border-style:solid !important;border-width:1px !important;border-color:#f0f0f0 !important;border-top:none !important\">\n<h4 class=\"wp-block-heading\">Obowi\u0105azki:<\/h4>\n\n\n\n<ul class=\"wp-block-list\">\n<li>opieka nad dzie\u0107mi os\u00f3b korzystaj\u0105cych z konsultacji oraz podczas trwania szkole\u0144;&nbsp;<\/li>\n\n\n\n<li>wype\u0142nianie co miesi\u0105c sprawozda\u0144 potwierdzaj\u0105cych \u015bwiadczenie wsparcia dla cudzoziemc\u00f3w z wyszczeg\u00f3lnieniem godzin.&nbsp;<\/li>\n<\/ul>\n\n\n\n<h4 class=\"wp-block-heading\">Nasze oczekiwania:<\/h4>\n\n\n\n<ul class=\"wp-block-list\">\n<li>znajomo\u015b\u0107 j\u0119zyka polskiego na poziomie min. B1;<\/li>\n\n\n\n<li>do\u015bwiadczenie w pracy z dzie\u0107mi min. 2 lata;<\/li>\n\n\n\n<li>dobry kontakt z dzie\u0107mi, gotowo\u015b\u0107 do pracy z nimi;&nbsp;<\/li>\n\n\n\n<li>cierpliwo\u015b\u0107 i odporno\u015b\u0107 na stres, komunikatywno\u015b\u0107;<\/li>\n\n\n\n<li>Dyspozycyjno\u015b\u0107: \u015brednio 55 godz.\/miesi\u0105c.<\/li>\n<\/ul>\n\n\n\n<h4 class=\"wp-block-heading\">Co oferujemy:<\/h4>\n\n\n\n<ul class=\"wp-block-list\">\n<li>Wynagrodzenie: 37,7 z\u0142\/godz brutto;<\/li>\n\n\n\n<li>Zatrudnienie w oparciu o umow\u0119 zlecenie od czerwca 2023;<\/li>\n<\/ul>\n\n\n\n<ul class=\"wp-block-list\">\n<li>Wsparcie w czasie onboardingu oraz za\u0142atwienia bie\u017c\u0105cych spraw z dokumentacj\u0105 pracownicz\u0105;<\/li>\n\n\n\n<li>Prac\u0119 w zaanga\u017cowanym i kreatywnym zespole;<\/li>\n\n\n\n<li>Mo\u017cliwo\u015b\u0107 realizacji w\u0142asnych pomys\u0142\u00f3w;<\/li>\n\n\n\n<li>Ciekawe \u017cycie korporacyjne: wsp\u00f3lne wyjazdy integracyjne;<\/li>\n\n\n\n<li>Mo\u017cliwo\u015b\u0107 konsultacji z psychologiem, sesje coachingowe.<\/li>\n<\/ul>\n\n\n\n<div class=\"wp-block-buttons is-layout-flex wp-block-buttons-is-layout-flex\">\n<div class=\"wp-block-button is-style-outline is-style-outline--3\"><a class=\"wp-block-button__link wp-element-button\" href=\"mailto:rekrutacja@fundacjaukraina.eu?subject=Opiekunka dla dzieci\">Aplikuj<\/a><\/div>\n<\/div>\n\n\n\n<div style=\"height:20px\" aria-hidden=\"true\" class=\"wp-block-spacer\"><\/div>\n\n\n\n<p class=\"has-ice-blue-background-color has-background has-small-font-size\"><em>Rekrutacja na stanowisko opiekunki do dzieci odbywa si\u0119 w ramach projektu Praca bez granic, dofinansowano ze \u015brodk\u00f3w rezerwy funduszu pracy.<\/em><\/p>\n<\/div><\/div>\n<\/div>\n<\/div>\n","protected":false},"excerpt":{"rendered":"<p>Aktualne oferty Brak aktualnych ofert pracy Jak z\u0142o\u017cy\u0107 aplikacj\u0119? Prosimy o przesy\u0142anie CV z klauzul\u0105 o ochronie danych osobowych \u2757\ufe0fUwaga! Zastrzegamy sobie prawo do kontaktu z wybranymi kandydatami\u2757\ufe0f Nie zwlekaj, wy\u015blij zg\u0142oszenie Oferty archiwalne<\/p>\n","protected":false},"author":1,"featured_media":0,"parent":0,"menu_order":0,"comment_status":"closed","ping_status":"closed","template":"","meta":{"inline_featured_image":false,"advgb_blocks_editor_width":"","advgb_blocks_columns_visual_guide":"","footnotes":""},"class_list":["post-2051","page","type-page","status-publish","hentry"],"yoast_head":"<!-- This site is optimized with the Yoast SEO plugin v27.5 - https:\/\/yoast.com\/product\/yoast-seo-wordpress\/ -->\n<title>Career - Institute Of Migrant Rights<\/title>\n<meta name=\"description\" content=\"Zosta\u0144 cz\u0119\u015bci\u0105 zespo\u0142u Instytutu Praw Migrant\u00f3w! Przeczytaj ofert\u0119 pracy i wy\u015blij swoje CV\" \/>\n<meta name=\"robots\" content=\"index, follow, max-snippet:-1, max-image-preview:large, max-video-preview:-1\" \/>\n<link rel=\"canonical\" href=\"https:\/\/instytutpm.eu\/en\/career\/\" \/>\n<meta property=\"og:locale\" content=\"en_US\" \/>\n<meta property=\"og:type\" content=\"article\" \/>\n<meta property=\"og:title\" content=\"Career - Institute Of Migrant Rights\" \/>\n<meta property=\"og:description\" content=\"Zosta\u0144 cz\u0119\u015bci\u0105 zespo\u0142u Instytutu Praw Migrant\u00f3w! Przeczytaj ofert\u0119 pracy i wy\u015blij swoje CV\" \/>\n<meta property=\"og:url\" content=\"https:\/\/instytutpm.eu\/en\/career\/\" \/>\n<meta property=\"og:site_name\" content=\"Institute Of Migrant Rights\" \/>\n<meta property=\"article:publisher\" content=\"https:\/\/www.facebook.com\/Instytutpm\" \/>\n<meta property=\"article:modified_time\" content=\"2024-02-02T17:46:09+00:00\" \/>\n<meta property=\"og:image\" content=\"https:\/\/instytutpm.eu\/wp-content\/uploads\/2023\/05\/ipm-featured-fb.png\" \/>\n\t<meta property=\"og:image:width\" content=\"1200\" \/>\n\t<meta property=\"og:image:height\" content=\"630\" \/>\n\t<meta property=\"og:image:type\" content=\"image\/png\" \/>\n<meta name=\"twitter:card\" content=\"summary_large_image\" \/>\n<meta name=\"twitter:site\" content=\"@Instytutipm\" \/>\n<meta name=\"twitter:label1\" content=\"Est. reading time\" \/>\n\t<meta name=\"twitter:data1\" content=\"2 minutes\" \/>\n<script type=\"application\/ld+json\" class=\"yoast-schema-graph\">{\"@context\":\"https:\\\/\\\/schema.org\",\"@graph\":[{\"@type\":\"WebPage\",\"@id\":\"https:\\\/\\\/instytutpm.eu\\\/en\\\/career\\\/\",\"url\":\"https:\\\/\\\/instytutpm.eu\\\/en\\\/career\\\/\",\"name\":\"Career - Institute Of Migrant Rights\",\"isPartOf\":{\"@id\":\"https:\\\/\\\/instytutpm.eu\\\/#website\"},\"datePublished\":\"2023-05-29T12:01:42+00:00\",\"dateModified\":\"2024-02-02T17:46:09+00:00\",\"description\":\"Zosta\u0144 cz\u0119\u015bci\u0105 zespo\u0142u Instytutu Praw Migrant\u00f3w! Przeczytaj ofert\u0119 pracy i wy\u015blij swoje CV\",\"breadcrumb\":{\"@id\":\"https:\\\/\\\/instytutpm.eu\\\/en\\\/career\\\/#breadcrumb\"},\"inLanguage\":\"en-US\",\"potentialAction\":[{\"@type\":\"ReadAction\",\"target\":[\"https:\\\/\\\/instytutpm.eu\\\/en\\\/career\\\/\"]}]},{\"@type\":\"BreadcrumbList\",\"@id\":\"https:\\\/\\\/instytutpm.eu\\\/en\\\/career\\\/#breadcrumb\",\"itemListElement\":[{\"@type\":\"ListItem\",\"position\":1,\"name\":\"Home\",\"item\":\"https:\\\/\\\/instytutpm.eu\\\/en\\\/\"},{\"@type\":\"ListItem\",\"position\":2,\"name\":\"Career\"}]},{\"@type\":\"WebSite\",\"@id\":\"https:\\\/\\\/instytutpm.eu\\\/#website\",\"url\":\"https:\\\/\\\/instytutpm.eu\\\/\",\"name\":\"Instytut Praw Migrant\u00f3w\",\"description\":\"Free information support for migrants living in Poland\",\"publisher\":{\"@id\":\"https:\\\/\\\/instytutpm.eu\\\/#organization\"},\"alternateName\":\"IPM\",\"potentialAction\":[{\"@type\":\"SearchAction\",\"target\":{\"@type\":\"EntryPoint\",\"urlTemplate\":\"https:\\\/\\\/instytutpm.eu\\\/?s={search_term_string}\"},\"query-input\":{\"@type\":\"PropertyValueSpecification\",\"valueRequired\":true,\"valueName\":\"search_term_string\"}}],\"inLanguage\":\"en-US\"},{\"@type\":\"Organization\",\"@id\":\"https:\\\/\\\/instytutpm.eu\\\/#organization\",\"name\":\"Instytut Praw Migrant\u00f3w\",\"alternateName\":\"IPM\",\"url\":\"https:\\\/\\\/instytutpm.eu\\\/\",\"logo\":{\"@type\":\"ImageObject\",\"inLanguage\":\"en-US\",\"@id\":\"https:\\\/\\\/instytutpm.eu\\\/#\\\/schema\\\/logo\\\/image\\\/\",\"url\":\"https:\\\/\\\/instytutpm.eu\\\/wp-content\\\/uploads\\\/2023\\\/05\\\/ipm-logo.jpg\",\"contentUrl\":\"https:\\\/\\\/instytutpm.eu\\\/wp-content\\\/uploads\\\/2023\\\/05\\\/ipm-logo.jpg\",\"width\":238,\"height\":238,\"caption\":\"Instytut Praw Migrant\u00f3w\"},\"image\":{\"@id\":\"https:\\\/\\\/instytutpm.eu\\\/#\\\/schema\\\/logo\\\/image\\\/\"},\"sameAs\":[\"https:\\\/\\\/www.facebook.com\\\/Instytutpm\",\"https:\\\/\\\/x.com\\\/Instytutipm\"]}]}<\/script>\n<!-- \/ Yoast SEO plugin. -->","yoast_head_json":{"title":"Career - Institute Of Migrant Rights","description":"Zosta\u0144 cz\u0119\u015bci\u0105 zespo\u0142u Instytutu Praw Migrant\u00f3w! Przeczytaj ofert\u0119 pracy i wy\u015blij swoje CV","robots":{"index":"index","follow":"follow","max-snippet":"max-snippet:-1","max-image-preview":"max-image-preview:large","max-video-preview":"max-video-preview:-1"},"canonical":"https:\/\/instytutpm.eu\/en\/career\/","og_locale":"en_US","og_type":"article","og_title":"Career - Institute Of Migrant Rights","og_description":"Zosta\u0144 cz\u0119\u015bci\u0105 zespo\u0142u Instytutu Praw Migrant\u00f3w! Przeczytaj ofert\u0119 pracy i wy\u015blij swoje CV","og_url":"https:\/\/instytutpm.eu\/en\/career\/","og_site_name":"Institute Of Migrant Rights","article_publisher":"https:\/\/www.facebook.com\/Instytutpm","article_modified_time":"2024-02-02T17:46:09+00:00","og_image":[{"width":1200,"height":630,"url":"https:\/\/instytutpm.eu\/wp-content\/uploads\/2023\/05\/ipm-featured-fb.png","type":"image\/png"}],"twitter_card":"summary_large_image","twitter_site":"@Instytutipm","twitter_misc":{"Est. reading time":"2 minutes"},"schema":{"@context":"https:\/\/schema.org","@graph":[{"@type":"WebPage","@id":"https:\/\/instytutpm.eu\/en\/career\/","url":"https:\/\/instytutpm.eu\/en\/career\/","name":"Career - Institute Of Migrant Rights","isPartOf":{"@id":"https:\/\/instytutpm.eu\/#website"},"datePublished":"2023-05-29T12:01:42+00:00","dateModified":"2024-02-02T17:46:09+00:00","description":"Zosta\u0144 cz\u0119\u015bci\u0105 zespo\u0142u Instytutu Praw Migrant\u00f3w! Przeczytaj ofert\u0119 pracy i wy\u015blij swoje CV","breadcrumb":{"@id":"https:\/\/instytutpm.eu\/en\/career\/#breadcrumb"},"inLanguage":"en-US","potentialAction":[{"@type":"ReadAction","target":["https:\/\/instytutpm.eu\/en\/career\/"]}]},{"@type":"BreadcrumbList","@id":"https:\/\/instytutpm.eu\/en\/career\/#breadcrumb","itemListElement":[{"@type":"ListItem","position":1,"name":"Home","item":"https:\/\/instytutpm.eu\/en\/"},{"@type":"ListItem","position":2,"name":"Career"}]},{"@type":"WebSite","@id":"https:\/\/instytutpm.eu\/#website","url":"https:\/\/instytutpm.eu\/","name":"Instytut Praw Migrant\u00f3w","description":"Free information support for migrants living in Poland","publisher":{"@id":"https:\/\/instytutpm.eu\/#organization"},"alternateName":"IPM","potentialAction":[{"@type":"SearchAction","target":{"@type":"EntryPoint","urlTemplate":"https:\/\/instytutpm.eu\/?s={search_term_string}"},"query-input":{"@type":"PropertyValueSpecification","valueRequired":true,"valueName":"search_term_string"}}],"inLanguage":"en-US"},{"@type":"Organization","@id":"https:\/\/instytutpm.eu\/#organization","name":"Instytut Praw Migrant\u00f3w","alternateName":"IPM","url":"https:\/\/instytutpm.eu\/","logo":{"@type":"ImageObject","inLanguage":"en-US","@id":"https:\/\/instytutpm.eu\/#\/schema\/logo\/image\/","url":"https:\/\/instytutpm.eu\/wp-content\/uploads\/2023\/05\/ipm-logo.jpg","contentUrl":"https:\/\/instytutpm.eu\/wp-content\/uploads\/2023\/05\/ipm-logo.jpg","width":238,"height":238,"caption":"Instytut Praw Migrant\u00f3w"},"image":{"@id":"https:\/\/instytutpm.eu\/#\/schema\/logo\/image\/"},"sameAs":["https:\/\/www.facebook.com\/Instytutpm","https:\/\/x.com\/Instytutipm"]}]}},"coauthors":[],"author_meta":{"author_link":"https:\/\/instytutpm.eu\/en\/author\/ipm-admin\/","display_name":"ipm-admin"},"relative_dates":{"created":"Posted 3 years ago","modified":"Updated 2 years ago"},"absolute_dates":{"created":"Posted on 2023-05-29","modified":"Updated on 2024-02-02"},"absolute_dates_time":{"created":"Posted on 2023-05-29 14:01","modified":"Updated on 2024-02-02 18:46"},"featured_img_caption":"","featured_img":false,"series_order":"","_links":{"self":[{"href":"https:\/\/instytutpm.eu\/en\/wp-json\/wp\/v2\/pages\/2051","targetHints":{"allow":["GET"]}}],"collection":[{"href":"https:\/\/instytutpm.eu\/en\/wp-json\/wp\/v2\/pages"}],"about":[{"href":"https:\/\/instytutpm.eu\/en\/wp-json\/wp\/v2\/types\/page"}],"author":[{"embeddable":true,"href":"https:\/\/instytutpm.eu\/en\/wp-json\/wp\/v2\/users\/1"}],"replies":[{"embeddable":true,"href":"https:\/\/instytutpm.eu\/en\/wp-json\/wp\/v2\/comments?post=2051"}],"version-history":[{"count":5,"href":"https:\/\/instytutpm.eu\/en\/wp-json\/wp\/v2\/pages\/2051\/revisions"}],"predecessor-version":[{"id":2306,"href":"https:\/\/instytutpm.eu\/en\/wp-json\/wp\/v2\/pages\/2051\/revisions\/2306"}],"wp:attachment":[{"href":"https:\/\/instytutpm.eu\/en\/wp-json\/wp\/v2\/media?parent=2051"}],"curies":[{"name":"wp","href":"https:\/\/api.w.org\/{rel}","templated":true}]}}